{"version":"1.0","provider_name":"Fotograf Mikael Svensson","provider_url":"https:\/\/www.mikaelsvensson.com\/photo","author_name":"Mikael Svensson","author_url":"https:\/\/www.mikaelsvensson.com\/photo\/author\/mikael\/","title":"V\u00e4nern runt p\u00e5 mindre \u00e4n 30 sekunder - Fotograf Mikael Svensson","type":"rich","width":600,"height":338,"html":"<blockquote class=\"wp-embedded-content\" data-secret=\"WFBYTARDN2\"><a href=\"https:\/\/www.mikaelsvensson.com\/photo\/vanern-runt-pa-mindre-an-30-sekunder\/\">V\u00e4nern runt p\u00e5 mindre \u00e4n 30 sekunder<\/a><\/blockquote><iframe sandbox=\"allow-scripts\" security=\"restricted\" src=\"https:\/\/www.mikaelsvensson.com\/photo\/vanern-runt-pa-mindre-an-30-sekunder\/embed\/#?secret=WFBYTARDN2\" width=\"600\" height=\"338\" title=\"\u201dV\u00e4nern runt p\u00e5 mindre \u00e4n 30 sekunder\u201d &ndash; Fotograf Mikael Svensson\" data-secret=\"WFBYTARDN2\" frameborder=\"0\" marginwidth=\"0\" marginheight=\"0\" scrolling=\"no\" class=\"wp-embedded-content\"><\/iframe><script>\n\/*! This file is auto-generated *\/\n!function(d,l){\"use strict\";l.querySelector&&d.addEventListener&&\"undefined\"!=typeof URL&&(d.wp=d.wp||{},d.wp.receiveEmbedMessage||(d.wp.receiveEmbedMessage=function(e){var t=e.data;if((t||t.secret||t.message||t.value)&&!\/[^a-zA-Z0-9]\/.test(t.secret)){for(var s,r,n,a=l.querySelectorAll('iframe[data-secret=\"'+t.secret+'\"]'),o=l.querySelectorAll('blockquote[data-secret=\"'+t.secret+'\"]'),c=new RegExp(\"^https?:$\",\"i\"),i=0;i<o.length;i++)o[i].style.display=\"none\";for(i=0;i<a.length;i++)s=a[i],e.source===s.contentWindow&&(s.removeAttribute(\"style\"),\"height\"===t.message?(1e3<(r=parseInt(t.value,10))?r=1e3:~~r<200&&(r=200),s.height=r):\"link\"===t.message&&(r=new URL(s.getAttribute(\"src\")),n=new URL(t.value),c.test(n.protocol))&&n.host===r.host&&l.activeElement===s&&(d.top.location.href=t.value))}},d.addEventListener(\"message\",d.wp.receiveEmbedMessage,!1),l.addEventListener(\"DOMContentLoaded\",function(){for(var e,t,s=l.querySelectorAll(\"iframe.wp-embedded-content\"),r=0;r<s.length;r++)(t=(e=s[r]).getAttribute(\"data-secret\"))||(t=Math.random().toString(36).substring(2,12),e.src+=\"#?secret=\"+t,e.setAttribute(\"data-secret\",t)),e.contentWindow.postMessage({message:\"ready\",secret:t},\"*\")},!1)))}(window,document);\n\/\/# sourceURL=https:\/\/www.mikaelsvensson.com\/photo\/wp-includes\/js\/wp-embed.min.js\n<\/script>\n","thumbnail_url":"https:\/\/www.mikaelsvensson.com\/photo\/wp-content\/uploads\/2019\/04\/Omslag_vanern.jpg","thumbnail_width":1325,"thumbnail_height":1500,"description":"Nu \u00e4r boken V\u00e4nern upplevelser vid vatten f\u00e4rdig. H\u00e4r f\u00e5r vi m\u00f6ta V\u00e4nern och alla de 13 kommuner som omger v\u00e5rt m\u00e4ktiga innanhav. Med vackra bilder och en personlig text kring naturen och m\u00e4nniskorna p\u00e5 dessa platser tar naturfotografen Mikael Svensson och f\u00f6rfattaren Anna S\u00e4fsten med oss p\u00e5 en fascinerande resa genom st\u00e4der, skogar, berg och vatten - och \u00e5rstider."}