{"version":"1.0","provider_name":"Fotograf Mikael Svensson","provider_url":"https:\/\/www.mikaelsvensson.com\/photo","author_name":"Mikael Svensson","author_url":"https:\/\/www.mikaelsvensson.com\/photo\/author\/mikael\/","title":"M\u00f6lndals\u00e5n genom kameralinsen - Fotograf Mikael Svensson","type":"rich","width":600,"height":338,"html":"<blockquote class=\"wp-embedded-content\" data-secret=\"pbcemiTgNU\"><a href=\"https:\/\/www.mikaelsvensson.com\/photo\/molndalsan-genom-kameralinsen\/\">M\u00f6lndals\u00e5n genom kameralinsen<\/a><\/blockquote><iframe sandbox=\"allow-scripts\" security=\"restricted\" src=\"https:\/\/www.mikaelsvensson.com\/photo\/molndalsan-genom-kameralinsen\/embed\/#?secret=pbcemiTgNU\" width=\"600\" height=\"338\" title=\"\u201dM\u00f6lndals\u00e5n genom kameralinsen\u201d &ndash; Fotograf Mikael Svensson\" data-secret=\"pbcemiTgNU\" frameborder=\"0\" marginwidth=\"0\" marginheight=\"0\" scrolling=\"no\" class=\"wp-embedded-content\"><\/iframe><script>\n\/*! This file is auto-generated *\/\n!function(d,l){\"use strict\";l.querySelector&&d.addEventListener&&\"undefined\"!=typeof URL&&(d.wp=d.wp||{},d.wp.receiveEmbedMessage||(d.wp.receiveEmbedMessage=function(e){var t=e.data;if((t||t.secret||t.message||t.value)&&!\/[^a-zA-Z0-9]\/.test(t.secret)){for(var s,r,n,a=l.querySelectorAll('iframe[data-secret=\"'+t.secret+'\"]'),o=l.querySelectorAll('blockquote[data-secret=\"'+t.secret+'\"]'),c=new RegExp(\"^https?:$\",\"i\"),i=0;i<o.length;i++)o[i].style.display=\"none\";for(i=0;i<a.length;i++)s=a[i],e.source===s.contentWindow&&(s.removeAttribute(\"style\"),\"height\"===t.message?(1e3<(r=parseInt(t.value,10))?r=1e3:~~r<200&&(r=200),s.height=r):\"link\"===t.message&&(r=new URL(s.getAttribute(\"src\")),n=new URL(t.value),c.test(n.protocol))&&n.host===r.host&&l.activeElement===s&&(d.top.location.href=t.value))}},d.addEventListener(\"message\",d.wp.receiveEmbedMessage,!1),l.addEventListener(\"DOMContentLoaded\",function(){for(var e,t,s=l.querySelectorAll(\"iframe.wp-embedded-content\"),r=0;r<s.length;r++)(t=(e=s[r]).getAttribute(\"data-secret\"))||(t=Math.random().toString(36).substring(2,12),e.src+=\"#?secret=\"+t,e.setAttribute(\"data-secret\",t)),e.contentWindow.postMessage({message:\"ready\",secret:t},\"*\")},!1)))}(window,document);\n\/\/# sourceURL=https:\/\/www.mikaelsvensson.com\/photo\/wp-includes\/js\/wp-embed.min.js\n<\/script>\n","thumbnail_url":"https:\/\/www.mikaelsvensson.com\/photo\/wp-content\/uploads\/2006\/02\/060103026-2.jpg","thumbnail_width":2000,"thumbnail_height":1329,"description":"Mikael Svensson har f\u00f6ljt M\u00f6lndals\u00e5n fr\u00e5n V\u00e4stra Nedsj\u00f6n i H\u00e4rryda kommun till \u00e5ns utlopp i G\u00f6ta \u00c4lv . Nu st\u00e4ller han ut sina bilder p\u00e5 M\u00f6lndals museum.  Fr\u00e5n den lantliga idyllen i Hind\u00e5s till den brusande storstaden G\u00f6teborg. M\u00f6lndals\u00e5n t\u00e4cker in b\u00e5da milj\u00f6erna. Ormbunkeblad inkapslade i is, r\u00f6da n\u00e4ckroser, Kvarnbyns forsande vatten och en ensam b\u00e5t upplagd f\u00f6r vintern. Alla dessa milj\u00f6er har Mikael Svensson m\u00f6tt n\u00e4r han bes\u00f6kt M\u00f6lndals\u00e5n f\u00f6r att dokumentera den med sin kamera. Efter att i flera \u00e5r varit bosatt i fj\u00e4llen flyttade Mikael f\u00f6r n\u00e5gra \u00e5r sedan tillbaka till M\u00f6lndal. Projektet med att f\u00f6lja M\u00f6lndals\u00e5n inledde han h\u00f6sten 2004."}